{"id":125,"date":"2021-01-25T18:30:23","date_gmt":"2021-01-25T17:30:23","guid":{"rendered":"https:\/\/www.ab-jetzt-hier.de\/wordpress\/?page_id=125"},"modified":"2021-03-11T09:24:46","modified_gmt":"2021-03-11T08:24:46","slug":"trauer-abschied","status":"publish","type":"page","link":"https:\/\/www.ab-jetzt-hier.de\/wordpress\/trauer-abschied\/","title":{"rendered":"Trauer"},"content":{"rendered":"<p><center><\/p>\n<h1>Trauer &#038; Abschied<\/h1>\n<p><img loading=\"lazy\" decoding=\"async\" src=\"https:\/\/www.ab-jetzt-hier.de\/wordpress\/wp-content\/uploads\/2021\/02\/Trauer.png\" alt=\"Trauer\" width=\"668\" height=\"447\" class=\"alignnone size-full wp-image-484\" srcset=\"https:\/\/www.ab-jetzt-hier.de\/wordpress\/wp-content\/uploads\/2021\/02\/Trauer.png 668w, https:\/\/www.ab-jetzt-hier.de\/wordpress\/wp-content\/uploads\/2021\/02\/Trauer-300x201.png 300w\" sizes=\"auto, (max-width: 668px) 100vw, 668px\" \/><\/p>\n<h3 style=\"color: #041a5a;\">Dem Ruf der Berufung folgend f\u00fchle ich mich seit einigen Jahren verst\u00e4rkt zu Themen<br \/>\nund Aufgaben im Bereich rund ums Lebensende hingezogen.<\/h3>\n<p>Meine freiberufliche Arbeit als Begleiterin und Rednerin bei Abschieden empfinde ich als sehr wertvoll.<\/p>\n<p>Trauerreden sind f\u00fcr mich wie Spiegel der Erinnerungen an Verstorbene.<\/p>\n<p style=\"color: #ffffff;\">&#8222;Die Aufgabe eines Spiegels besteht darin, das Bild so wiederzugeben, wie es ist, ohne etwas zu besch\u00f6nigen<br \/>\noder Fehler hinzuzuf\u00fcgen&#8230; Wir verlangen von einem Spiegel ein Bild, nicht eine Predigt.&#8220;<br \/>\n<em>Haim Ginott<\/em><\/p>\n<p>\u00dcber Trauer zu reden kann sehr heilsam sein \u2013 ich h\u00f6re Ihnen einf\u00fchlsam zu.<\/p>\n<p style=\"color: #ffffff;\">&#8222;Es ist erstaunlich, wie Dinge, die unl\u00f6sbar erscheinen, l\u00f6sbar werden, wenn jemand zuh\u00f6rt;<br \/>\nwie sich Verwirrungen, die unentwirrbar scheinen, in relativ glatt flie\u00dfende Str\u00f6me verwandeln, wenn man geh\u00f6rt wird.&#8220;<br \/>\n<em>Carl R. Rogers<\/em><\/p>\n<p>Offen und neugierig besuchte ich zun\u00e4chst diverse Veranstaltungen und Fortbildungen.<br \/>\nDurch Hospitationen sowie Festanstellungen bei verschiedenen Instituten gewann ich dann tiefere Einblicke<br \/>\nin die vielseitigen T\u00e4tigkeiten im Bestattungswesen.<\/p>\n<p>Den Umgang mit Trauernden konnte ich bei der Qualifizierung zur Trauerbegeleiterin \u00fcben<br \/>\nund in der Praxis vertiefen als Co-Leiterin einer Meditationsgruppe f\u00fcr Menschen in belastenden Lebensphasen.<\/p>\n<p>Die Ausbildung zur Trauerrednerin lieferte eine solide Basis f\u00fcr die Arbeit als Rednerin.<\/p>\n<p>Das Angebot einer Kochgruppe f\u00fcr Trauernde entstand<br \/>\nund mein Singkreis in einem Bestattungsinstitut fand Anklang bei Singfreudigen mit und ohne Verlusterfahrung.<\/p>\n<p>Wo Worte an Grenzen sto\u00dfen, kann Musik sehr heilsam wirken.<br \/>\nKlangmassagen stellen dabei eine ganz besondere Form der Trauerbegleitung dar. <\/p>\n<p>Ganz besonders sch\u00e4tze ich die Kooperation mit Ernst-Wilhelm Schneider!<br \/>\nAls STIMMIGES DUO bieten wir hier unseren Dreiklang &#8222;REDEN SINGEN BEGLEITEN&#8220; an.<br \/>\n<a style=\"color: #ffffff; text-decoration: none;\" href=\"https:\/\/www.reden-singen-begleiten.de\/\" rel=\"noopener\" target=\"_blank\">\u2192 www.reden-singen-begleiten.de<\/a><\/p>\n<p><em>Qualifikation: Trauerrednerin und Trauerbegleiterin anerkannt vom Berufsverband Trauerbegleitung e.V.<\/em><br \/>\n<\/center><\/p>\n","protected":false},"excerpt":{"rendered":"<p>Trauer &#038; Abschied Dem Ruf der Berufung folgend f\u00fchle ich mich seit einigen Jahren verst\u00e4rkt zu Themen und Aufgaben im Bereich rund ums Lebensende hingezogen. Meine freiberufliche Arbeit als Begleiterin und Rednerin bei Abschieden empfinde ich als sehr wertvoll. Trauerreden sind f\u00fcr mich wie Spiegel der Erinnerungen an Verstorbene. &#8222;Die Aufgabe eines Spiegels besteht darin,&#8230;<\/p>\n","protected":false},"author":1,"featured_media":0,"parent":0,"menu_order":0,"comment_status":"closed","ping_status":"closed","template":"fullwidth.php","meta":{"footnotes":""},"class_list":["post-125","page","type-page","status-publish","hentry"],"_links":{"self":[{"href":"https:\/\/www.ab-jetzt-hier.de\/wordpress\/wp-json\/wp\/v2\/pages\/125","targetHints":{"allow":["GET"]}}],"collection":[{"href":"https:\/\/www.ab-jetzt-hier.de\/wordpress\/wp-json\/wp\/v2\/pages"}],"about":[{"href":"https:\/\/www.ab-jetzt-hier.de\/wordpress\/wp-json\/wp\/v2\/types\/page"}],"author":[{"embeddable":true,"href":"https:\/\/www.ab-jetzt-hier.de\/wordpress\/wp-json\/wp\/v2\/users\/1"}],"replies":[{"embeddable":true,"href":"https:\/\/www.ab-jetzt-hier.de\/wordpress\/wp-json\/wp\/v2\/comments?post=125"}],"version-history":[{"count":23,"href":"https:\/\/www.ab-jetzt-hier.de\/wordpress\/wp-json\/wp\/v2\/pages\/125\/revisions"}],"predecessor-version":[{"id":638,"href":"https:\/\/www.ab-jetzt-hier.de\/wordpress\/wp-json\/wp\/v2\/pages\/125\/revisions\/638"}],"wp:attachment":[{"href":"https:\/\/www.ab-jetzt-hier.de\/wordpress\/wp-json\/wp\/v2\/media?parent=125"}],"curies":[{"name":"wp","href":"https:\/\/api.w.org\/{rel}","templated":true}]}}